{"id":426,"date":"2020-02-14T13:01:50","date_gmt":"2020-02-14T12:01:50","guid":{"rendered":"http:\/\/art-therapie-laurencegarmadi.fr\/?page_id=426"},"modified":"2023-09-07T15:51:46","modified_gmt":"2023-09-07T13:51:46","slug":"remerciements","status":"publish","type":"page","link":"https:\/\/art-therapie-laurencegarmadi.fr\/?page_id=426","title":{"rendered":"Remerciements"},"content":{"rendered":"<p><span style=\"color: #a600ff;\">je tiens d&rsquo;abord \u00e0 remercier toutes ces rencontres qui m&rsquo;ont nourri sur le chemin du corps, de la voix, du son, du silence.\u00a0 Elles sont nombreuses. Sur le sentier vocal, Chantal Verdi\u00e8re, \u00e9l\u00e8ve de Marie-Louise Aucher,\u00a0 fut celle qui a allum\u00e9 le r\u00e9verb\u00e8re ! <br \/><\/span><\/p>\n<p><span style=\"color: #a600ff;\">Sur ce chemin de la voix, je remercie aussi tous celles et ceux qui m&rsquo;accordent leur confiance\u00a0 depuis maintenant 15 ans, que ce soit en individuel, en groupe ou en\u00a0 institution. La profondeur a\u00a0 toujours \u00e9t\u00e9 au rendez-vous. <\/span><\/p>\n<p><span style=\"color: #a600ff;\">Je poursuis depuis plusieurs ann\u00e9es les enseignements de Sophie Guedj Metthey et suis \u00e9galement inspir\u00e9e par l&rsquo;enseignement d&rsquo;Arouna Lipschitz. Je les en remercie profond\u00e9ment.\u00a0 Tout r\u00e9cemment, je replonge dans \u00ab\u00a0Les dialogues avec l&rsquo;ange\u00a0\u00bb et le Wutao. L&rsquo;essentiel est\u00a0 au rendez-vous. J&rsquo;en \u00e9prouve une profonde gratitude. <\/span><\/p>\n<p><span style=\"color: #a600ff;\">Je remercie le cercle des ami-e-s pour leur qualit\u00e9 de c\u0153ur, le dialogue, la pr\u00e9sence&#8230; <br \/><\/span><\/p>\n<p><span style=\"color: #a600ff;\">Gratitude \u00e9galement aux arbres, aux rivi\u00e8res, \u00e0 la nature source de grande Joie.<\/span><\/p>\n<p><span style=\"color: #a600ff;\">Enfin, mes derniers remerciements et non des moindres, vont \u00e0 mes enfants pour qui il-elles sont, \u00e0 mon fils gr\u00e2ce \u00e0\u00a0 qui\u00a0 ce site existe !<\/span><\/p>\n\n\n<p><\/p>\n\n\n\n<p><\/p>\n","protected":false},"excerpt":{"rendered":"<p>je tiens d&rsquo;abord \u00e0 remercier toutes ces rencontres qui m&rsquo;ont nourri sur le chemin du corps, de la voix, du son, du silence.\u00a0 Elles sont nombreuses. Sur le sentier vocal, Chantal Verdi\u00e8re, \u00e9l\u00e8ve de Marie-Louise Aucher,\u00a0 fut celle qui a allum\u00e9 le r\u00e9verb\u00e8re ! Sur ce chemin de la voix, je remercie aussi tous celles &hellip; <\/p>\n<p class=\"link-more\"><a href=\"https:\/\/art-therapie-laurencegarmadi.fr\/?page_id=426\" class=\"more-link\">Continuer la lecture<span class=\"screen-reader-text\"> de &laquo;&nbsp;Remerciements&nbsp;&raquo;<\/span><\/a><\/p>\n","protected":false},"author":1,"featured_media":0,"parent":0,"menu_order":0,"comment_status":"closed","ping_status":"closed","template":"","meta":{"footnotes":""},"_links":{"self":[{"href":"https:\/\/art-therapie-laurencegarmadi.fr\/index.php?rest_route=\/wp\/v2\/pages\/426"}],"collection":[{"href":"https:\/\/art-therapie-laurencegarmadi.fr\/index.php?rest_route=\/wp\/v2\/pages"}],"about":[{"href":"https:\/\/art-therapie-laurencegarmadi.fr\/index.php?rest_route=\/wp\/v2\/types\/page"}],"author":[{"embeddable":true,"href":"https:\/\/art-therapie-laurencegarmadi.fr\/index.php?rest_route=\/wp\/v2\/users\/1"}],"replies":[{"embeddable":true,"href":"https:\/\/art-therapie-laurencegarmadi.fr\/index.php?rest_route=%2Fwp%2Fv2%2Fcomments&post=426"}],"version-history":[{"count":8,"href":"https:\/\/art-therapie-laurencegarmadi.fr\/index.php?rest_route=\/wp\/v2\/pages\/426\/revisions"}],"predecessor-version":[{"id":1150,"href":"https:\/\/art-therapie-laurencegarmadi.fr\/index.php?rest_route=\/wp\/v2\/pages\/426\/revisions\/1150"}],"wp:attachment":[{"href":"https:\/\/art-therapie-laurencegarmadi.fr\/index.php?rest_route=%2Fwp%2Fv2%2Fmedia&parent=426"}],"curies":[{"name":"wp","href":"https:\/\/api.w.org\/{rel}","templated":true}]}}