{"id":314,"date":"2019-09-02T09:57:00","date_gmt":"2019-09-02T07:57:00","guid":{"rendered":"http:\/\/art-therapie-laurencegarmadi.fr\/?page_id=314"},"modified":"2026-09-04T11:02:14","modified_gmt":"2026-09-04T09:02:14","slug":"des-week-ends","status":"publish","type":"page","link":"https:\/\/art-therapie-laurencegarmadi.fr\/?page_id=314","title":{"rendered":"EN JOURN\u00c9E OU EN WEEK-END"},"content":{"rendered":"<p><span style=\"color: #0000ff;\">Une journ\u00e9e compl\u00e8te constitue un temps privil\u00e9gi\u00e9. Install\u00e9-es \u00e0 Poitiers ou au c\u0153ur de la g\u00e2tine, en int\u00e9rieur et en ext\u00e9rieur, ces journ\u00e9es permettent d&rsquo;exp\u00e9rimenter de fa\u00e7on intense \u00e0 tous les niveaux la r\u00e9sonance et d&rsquo;explorer la voix dans sa profondeur et sa l\u00e9g\u00e8ret\u00e9,\u00a0 dans une\u00a0 pr\u00e9sence tout \u00e0 la fois concr\u00e8te et lumineuse.\u00a0<\/span><\/p>\n<h5 style=\"text-align: center;\">Pour l&rsquo;ann\u00e9e 2026\/2027, deS LIENs sont TISS\u00c9S POUR VOUS propos\u00e9e<strong>s D&rsquo;OUVRIR LES FEN\u00caTRES, DE CROISER DES UNIVERS ET DE LES VIVRE ENSEMBLE:<\/strong><\/h5>\n<p>&nbsp;<\/p>\n<ul>\n<li>Atelier <strong>Pain et Voix<\/strong> avec <strong>Aur\u00e9lien Loiseau<\/strong>, \u00e0 la K7, \u00e0 Poitiers. Les dates \u00e0 venir sont les 26 septembre, 14 novembre et 3 avril<\/li>\n<\/ul>\n<p>&nbsp;<\/p>\n<p><img loading=\"lazy\" decoding=\"async\" class=\"wp-image-1379 aligncenter\" src=\"https:\/\/art-therapie-laurencegarmadi.fr\/wp-content\/uploads\/2025\/11\/4-farinageIMG-20251116-WA0048-2-300x135.jpg\" alt=\"\" width=\"544\" height=\"245\" srcset=\"https:\/\/art-therapie-laurencegarmadi.fr\/wp-content\/uploads\/2025\/11\/4-farinageIMG-20251116-WA0048-2-300x135.jpg 300w, https:\/\/art-therapie-laurencegarmadi.fr\/wp-content\/uploads\/2025\/11\/4-farinageIMG-20251116-WA0048-2-1024x462.jpg 1024w, https:\/\/art-therapie-laurencegarmadi.fr\/wp-content\/uploads\/2025\/11\/4-farinageIMG-20251116-WA0048-2-768x346.jpg 768w, https:\/\/art-therapie-laurencegarmadi.fr\/wp-content\/uploads\/2025\/11\/4-farinageIMG-20251116-WA0048-2-1536x692.jpg 1536w, https:\/\/art-therapie-laurencegarmadi.fr\/wp-content\/uploads\/2025\/11\/4-farinageIMG-20251116-WA0048-2.jpg 2048w\" sizes=\"(max-width: 544px) 100vw, 544px\" \/><\/p>\n<p>Voici un atelier o\u00f9 le pain et le four \u00e0 bois donnent le rythme. Il s&rsquo;agit d\u2019\u00eatre \u00e0 leurs \u00e9coute autant que de votre voix ou du silence. Nous explorons ces liens entre sons et cr\u00e9pitement du feu, dans une approche concr\u00e8te, cr\u00e9ative, intimiste. Le fournil n&rsquo;autorise la pr\u00e9sence que de 5 personnes. L&rsquo;alchimie entre les diff\u00e9rents \u00e9l\u00e9ments op\u00e8rent et vous permet de repartir avec vos 4 kg de pain au levain, impr\u00e9gn\u00e9s de votre chant.\u00a0<\/p>\n<ul>\n<li>Atelier <strong>Dessin Neurogrophique et Voix<\/strong> avec <strong>Jocya Aucher<\/strong>, \u00e0 la Grange Madame \u00e0 Vasles. Les dates \u00e0 venir sont les 3 janvier, 13&amp;14 mars et 27 juin.<\/li>\n<\/ul>\n<p>&nbsp;<\/p>\n<ul>\n<li><img loading=\"lazy\" decoding=\"async\" class=\" wp-image-1462 aligncenter\" src=\"https:\/\/art-therapie-laurencegarmadi.fr\/wp-content\/uploads\/2026\/06\/20260621_172845-1-300x163.jpg\" alt=\"\" width=\"534\" height=\"290\" srcset=\"https:\/\/art-therapie-laurencegarmadi.fr\/wp-content\/uploads\/2026\/06\/20260621_172845-1-300x163.jpg 300w, https:\/\/art-therapie-laurencegarmadi.fr\/wp-content\/uploads\/2026\/06\/20260621_172845-1-1024x556.jpg 1024w, https:\/\/art-therapie-laurencegarmadi.fr\/wp-content\/uploads\/2026\/06\/20260621_172845-1-768x417.jpg 768w, https:\/\/art-therapie-laurencegarmadi.fr\/wp-content\/uploads\/2026\/06\/20260621_172845-1-1536x834.jpg 1536w, https:\/\/art-therapie-laurencegarmadi.fr\/wp-content\/uploads\/2026\/06\/20260621_172845-1-2048x1112.jpg 2048w\" sizes=\"(max-width: 534px) 100vw, 534px\" \/><\/li>\n<\/ul>\n<p>Voici une toute autre collaboration. Celle avec Jocya Aucher qui nous propose du dessin neurographique. Cette discipline met en \u0153uvre nos circuits neuronaux qui fa\u00e7onnent notre m\u00e9moire, nos pens\u00e9es, nos comportements et le graphisme. Autrement dit, une forme d&rsquo;art qui repose sur des \u00e9l\u00e9ments visuels simples tels que la ligne, le trait, le point&#8230; S&rsquo;immerger dans ce processus lib\u00e8re la cr\u00e9ativit\u00e9, d\u00e9tend le corps&#8230; tandis que la Voix rejoint et ponctue ce processus par sa dynamique essentielle, \u00e9pur\u00e9e, dans la simplicit\u00e9 des voyellisations, avec l&rsquo;\u00e9coute du silence, de soi, du groupe et\u00a0 de sa propre cr\u00e9ativit\u00e9.\u00a0\u00a0<\/p>\n<p><strong>Cot\u00e9\u00a0pratique\u00a0:<\/strong><br \/>Que ce soit \u00e0 <strong>Vasles<\/strong>\u00a0 ou <strong>Poitiers<\/strong>, nous partagerons les repas. Les pique-niques sont tir\u00e9s du panier.\u00a0<\/p>\n<p>&nbsp;<\/p>\n<p>&nbsp;<\/p>\n<p style=\"text-align: center;\"><span style=\"color: #ff00ff;\"><strong>DATES PASS\u00c9ES<\/strong><\/span><\/p>\n<p style=\"text-align: center;\"><span style=\"color: #000080;\"><strong>\u00a0<\/strong><\/span><strong><span style=\"color: #0000ff;\"><img loading=\"lazy\" decoding=\"async\" class=\"alignnone size-medium wp-image-1434\" src=\"https:\/\/art-therapie-laurencegarmadi.fr\/wp-content\/uploads\/2026\/01\/printemps-26-1-212x300.jpg\" alt=\"\" width=\"212\" height=\"300\" srcset=\"https:\/\/art-therapie-laurencegarmadi.fr\/wp-content\/uploads\/2026\/01\/printemps-26-1-212x300.jpg 212w, https:\/\/art-therapie-laurencegarmadi.fr\/wp-content\/uploads\/2026\/01\/printemps-26-1-724x1024.jpg 724w, https:\/\/art-therapie-laurencegarmadi.fr\/wp-content\/uploads\/2026\/01\/printemps-26-1-768x1086.jpg 768w, https:\/\/art-therapie-laurencegarmadi.fr\/wp-content\/uploads\/2026\/01\/printemps-26-1.jpg 794w\" sizes=\"(max-width: 212px) 100vw, 212px\" \/><\/span><\/strong><\/p>\n<p style=\"text-align: center;\"><strong><span style=\"color: #0000ff;\">Horaires :<span style=\"font-family: Annapurna SIL;\"><span style=\"font-size: medium;\"> 9h30-17h\u00a0<\/span><\/span><\/span><\/strong><\/p>\n<p><strong><span style=\"color: #3366ff;\">Cot\u00e9\u00a0pratique\u00a0:<\/span><\/strong><br \/><span style=\"color: #3366ff;\">Le stage a lieu \u00e0 <strong><em>La grange Madame<\/em><\/strong>, 8 rue de la Sayette, \u00e0 <strong>Vasles<\/strong>\u00a0\u00a0<\/span><\/p>\n<p><span style=\"color: #3366ff;\">Nous partagerons les repas. Pique-niques tir\u00e9s du panier\u00a0<\/span><\/p>\n<p><span style=\"color: #3366ff;\">Les inscriptions sont ouvertes jusqu&rsquo;\u00e0 une semaine pr\u00e9c\u00e9dant la date du stage.<\/span><span style=\"color: #3366ff;\">\u00a0 \u00a0 <\/span><span style=\"color: #3366ff;\">N&rsquo;h\u00e9sitez pas \u00e0 me contacter pour toutes questions\u00a0<\/span><\/p>\n<p><strong><span style=\"color: #339966;\">Deux autres journ\u00e9es se feront en collaboration :\u00a0<\/span><\/strong><\/p>\n<p><strong><span style=\"color: #339966;\">En avril : L&rsquo;atelier Pain &amp; Voix avec Aur\u00e9lien Loiseau (voir ci dessous)<\/span><\/strong><\/p>\n<p><strong><span style=\"color: #339966;\">En Juin : L&rsquo;atelier Dessin neurographique &amp; Voix avec Jocya Aucher , le 21 juin (pr\u00e9cision \u00e0 venir)<\/span><\/strong><\/p>\n<p><span style=\"color: #0000ff;\">\u00a0<\/span><\/p>\n\n\n<h2 class=\"wp-block-heading has-text-align-center\"><strong>ATELIERS PAIN ET VOIX<\/strong> :<strong> prochaine date le 25 avril<\/strong><\/h2>\n\n\n<div class=\"wp-block-image\">\n<figure class=\"aligncenter is-resized\"><img loading=\"lazy\" decoding=\"async\" width=\"1024\" height=\"1024\" src=\"https:\/\/art-therapie-laurencegarmadi.fr\/wp-content\/uploads\/2025\/09\/PAIN-ET-VOIX-1-1024x1024.jpeg\" alt=\"\" class=\"wp-image-1350\" style=\"width:537px;height:auto\" srcset=\"https:\/\/art-therapie-laurencegarmadi.fr\/wp-content\/uploads\/2025\/09\/PAIN-ET-VOIX-1-1024x1024.jpeg 1024w, https:\/\/art-therapie-laurencegarmadi.fr\/wp-content\/uploads\/2025\/09\/PAIN-ET-VOIX-1-300x300.jpeg 300w, https:\/\/art-therapie-laurencegarmadi.fr\/wp-content\/uploads\/2025\/09\/PAIN-ET-VOIX-1-150x150.jpeg 150w, https:\/\/art-therapie-laurencegarmadi.fr\/wp-content\/uploads\/2025\/09\/PAIN-ET-VOIX-1-768x768.jpeg 768w, https:\/\/art-therapie-laurencegarmadi.fr\/wp-content\/uploads\/2025\/09\/PAIN-ET-VOIX-1-1536x1536.jpeg 1536w, https:\/\/art-therapie-laurencegarmadi.fr\/wp-content\/uploads\/2025\/09\/PAIN-ET-VOIX-1-2048x2048.jpeg 2048w, https:\/\/art-therapie-laurencegarmadi.fr\/wp-content\/uploads\/2025\/09\/PAIN-ET-VOIX-1-100x100.jpeg 100w\" sizes=\"(max-width: 767px) 89vw, (max-width: 1000px) 54vw, (max-width: 1071px) 543px, 580px\" \/><\/figure><\/div>\n\n\n<p>j\u2019ai la joie de rejoindre <strong>Aur\u00e9lien Loiseau<\/strong> autour d\u2019une proposition originale qu&rsquo;i&rsquo;il a su impulser et qui associe le pain et la voix. Ici, le point de rencontre se situe autour du souffle, du son, de l\u2019ether et de la mati\u00e8re. <br>Venez faire chanter vos voix en mettant la main \u00e0 la p\u00e2te et laissez<br>faire l\u2019alchimie !<br>Apprenez \u00e0 faire du pain au levain, p\u00e9trit \u00e0 la main, cuit au four \u00e0 bois<\/p>\n\n\n\n<p>Lib\u00e9rer, faire vibrer vos voix au rythme du pain par des exercices vocaux guid\u00e9s<\/p>\n\n\n\n<p>Vous repartez avec votre pain du jour,   baign\u00e9 de vos chants et de votre v\u00e9cu<br><\/p>\n\n\n\n<p>De 9h00 \u00e0 18h les samedis <strong>15\/11\/25 <\/strong>et <strong>25\/04\/26 <\/strong>\u00e0 la <strong>K7<\/strong>, \u00e0 Poitiers<br>Tarifs : Prix conscient \u00e0 partir de 70 \u20ac la journ\u00e9e<br>Inscriptions \u00e0 lechantdeletre86@posteo.net | 06.29.56.06.18<\/p>\n\n\n\n<div class=\"wp-block-group\"><div class=\"wp-block-group__inner-container is-layout-constrained wp-block-group-is-layout-constrained\">\n<div class=\"wp-block-columns is-layout-flex wp-container-core-columns-is-layout-3 wp-block-columns-is-layout-flex\">\n<div class=\"wp-block-column is-layout-flow wp-block-column-is-layout-flow\" style=\"flex-basis:100%\">\n<div class=\"wp-block-group\"><div class=\"wp-block-group__inner-container is-layout-constrained wp-block-group-is-layout-constrained\">\n<div class=\"wp-block-group\"><div class=\"wp-block-group__inner-container is-layout-constrained wp-block-group-is-layout-constrained\">\n<div class=\"wp-block-columns is-layout-flex wp-container-core-columns-is-layout-1 wp-block-columns-is-layout-flex\">\n<div class=\"wp-block-column is-layout-flow wp-block-column-is-layout-flow\" style=\"flex-basis:50%\"><div class=\"wp-block-image is-style-rounded\">\n<figure class=\"aligncenter size-large is-resized\"><img loading=\"lazy\" decoding=\"async\" width=\"768\" height=\"1024\" src=\"https:\/\/art-therapie-laurencegarmadi.fr\/wp-content\/uploads\/2025\/12\/DSC_0590-768x1024.jpg\" alt=\"\" class=\"wp-image-1405\" style=\"width:433px;height:auto\" srcset=\"https:\/\/art-therapie-laurencegarmadi.fr\/wp-content\/uploads\/2025\/12\/DSC_0590-768x1024.jpg 768w, https:\/\/art-therapie-laurencegarmadi.fr\/wp-content\/uploads\/2025\/12\/DSC_0590-225x300.jpg 225w, https:\/\/art-therapie-laurencegarmadi.fr\/wp-content\/uploads\/2025\/12\/DSC_0590-1152x1536.jpg 1152w, https:\/\/art-therapie-laurencegarmadi.fr\/wp-content\/uploads\/2025\/12\/DSC_0590-1536x2048.jpg 1536w, https:\/\/art-therapie-laurencegarmadi.fr\/wp-content\/uploads\/2025\/12\/DSC_0590-scaled.jpg 1920w\" sizes=\"(max-width: 767px) 89vw, (max-width: 1000px) 54vw, (max-width: 1071px) 543px, 580px\" \/><\/figure><\/div><\/div>\n<\/div>\n<\/div><\/div>\n\n\n\n<div class=\"wp-block-columns is-layout-flex wp-container-core-columns-is-layout-2 wp-block-columns-is-layout-flex\">\n<div class=\"wp-block-column is-layout-flow wp-block-column-is-layout-flow\">\n<p><strong>Aur\u00e9lien<\/strong> <strong>Loiseau<\/strong>, passionn\u00e9 par le pain et le chant diphonique, s&rsquo;est form\u00e9 \u00e0 la<br>boulangerie biologique en 2013 et obtient son CAP la m\u00eame ann\u00e9e.<br>De 2013 \u00e0 2016 il sillonne la France \u00e0 la rencontre des paysans-<br>boulangers afin d\u2019appr\u00e9hender le pain de toute sa globalit\u00e9 et d\u2019\u00eatre<br>au contact de la terre et des diff\u00e9rents savoirs-faire.<br>De 2018 \u00e0 2021 il cr\u00e9\u00e9 le Chant du pain au sein de Consortium<br>coop\u00e9rative, boulangerie biologique itin\u00e9rante au four \u00e0 bois et au<br>levain. Ses productions sont riches de tout son parcours et de son<br>histoire.<br>Depuis il se consacre \u00e0 des projets centr\u00e9s sur le monde de demain,<br>l\u2019humain, la sensibilisation des plus jeunes et \u00e0 l\u2019\u00e9conomie sociale et<br>solidaire.<br>En parall\u00e8le, depuis 2015, convaincue que de la voix \u00e0 sa voie il y a<br>un m\u00eame chemin, il participe r\u00e9guli\u00e8rement \u00e0 des ateliers<br>d\u2019exploration vocale afin de faire danser les sons, lib\u00e9rer sa voix et<br>trouver sa voie.<strong><br>Tel : 06.29.56.06.18 \/ Mail : aurelien.loiseau@posteo.net<\/strong><\/p>\n<\/div>\n<\/div>\n<\/div><\/div>\n<\/div>\n<\/div>\n<\/div><\/div>\n","protected":false},"excerpt":{"rendered":"<p>Une journ\u00e9e compl\u00e8te constitue un temps privil\u00e9gi\u00e9. Install\u00e9-es \u00e0 Poitiers ou au c\u0153ur de la g\u00e2tine, en int\u00e9rieur et en ext\u00e9rieur, ces journ\u00e9es permettent d&rsquo;exp\u00e9rimenter de fa\u00e7on intense \u00e0 tous les niveaux la r\u00e9sonance et d&rsquo;explorer la voix dans sa profondeur et sa l\u00e9g\u00e8ret\u00e9,\u00a0 dans une\u00a0 pr\u00e9sence tout \u00e0 la fois concr\u00e8te et lumineuse.\u00a0 Pour &hellip; <\/p>\n<p class=\"link-more\"><a href=\"https:\/\/art-therapie-laurencegarmadi.fr\/?page_id=314\" class=\"more-link\">Continuer la lecture<span class=\"screen-reader-text\"> de &laquo;&nbsp;EN JOURN\u00c9E OU EN WEEK-END&nbsp;&raquo;<\/span><\/a><\/p>\n","protected":false},"author":1,"featured_media":0,"parent":0,"menu_order":0,"comment_status":"closed","ping_status":"closed","template":"","meta":{"footnotes":""},"_links":{"self":[{"href":"https:\/\/art-therapie-laurencegarmadi.fr\/index.php?rest_route=\/wp\/v2\/pages\/314"}],"collection":[{"href":"https:\/\/art-therapie-laurencegarmadi.fr\/index.php?rest_route=\/wp\/v2\/pages"}],"about":[{"href":"https:\/\/art-therapie-laurencegarmadi.fr\/index.php?rest_route=\/wp\/v2\/types\/page"}],"author":[{"embeddable":true,"href":"https:\/\/art-therapie-laurencegarmadi.fr\/index.php?rest_route=\/wp\/v2\/users\/1"}],"replies":[{"embeddable":true,"href":"https:\/\/art-therapie-laurencegarmadi.fr\/index.php?rest_route=%2Fwp%2Fv2%2Fcomments&post=314"}],"version-history":[{"count":68,"href":"https:\/\/art-therapie-laurencegarmadi.fr\/index.php?rest_route=\/wp\/v2\/pages\/314\/revisions"}],"predecessor-version":[{"id":1499,"href":"https:\/\/art-therapie-laurencegarmadi.fr\/index.php?rest_route=\/wp\/v2\/pages\/314\/revisions\/1499"}],"wp:attachment":[{"href":"https:\/\/art-therapie-laurencegarmadi.fr\/index.php?rest_route=%2Fwp%2Fv2%2Fmedia&parent=314"}],"curies":[{"name":"wp","href":"https:\/\/api.w.org\/{rel}","templated":true}]}}