{"id":1496,"date":"2026-09-04T10:53:20","date_gmt":"2026-09-04T08:53:20","guid":{"rendered":"https:\/\/art-therapie-laurencegarmadi.fr\/?page_id=1496"},"modified":"2026-09-04T11:37:03","modified_gmt":"2026-09-04T09:37:03","slug":"hebdomadaire","status":"publish","type":"page","link":"https:\/\/art-therapie-laurencegarmadi.fr\/?page_id=1496","title":{"rendered":"HEBDOMADAIRE"},"content":{"rendered":"\n<div class=\"wp-block-media-text has-media-on-the-right is-stacked-on-mobile is-vertically-aligned-center\" style=\"grid-template-columns:auto 61%\"><div class=\"wp-block-media-text__content\">\n<p>\u00caTRE au c\u0153ur de soi, du son, de la r\u00e9sonance, en lien avec les autres gr\u00e2ce \u00e0 une pratique de pr\u00e9sence enracin\u00e9e dans le corps, le souffle, la voix, c\u2019est ce que je vous propose dans cet atelier hebdomadaire d\u20191h, de 18 \u00e0 19h, \u00e0 la Fourmili\u00e8re de Montmidi, \u00e0 Poitiers.<\/p>\n\n\n\n<p>Vous serez install\u00e9-es dans votre base, en r\u00e9sonance avec vos profondeurs, votre puissance, votre douceur, entre pr\u00e9sence corporelle et sonore.<\/p>\n\n\n\n<p>Grace au souffle, \u00e0 son chant, gr\u00e2ce au son, \u00e0 son chant, gr\u00e2ce \u00e0  des voyelliques, des onomatop\u00e9es, des vocalisations, \u00e0 la crois\u00e9e du chant m\u00e9ditatif, intuitif et cr\u00e9atif, cette pratique vous offre une rencontre avec la subtilit\u00e9 de votre chant, de votre source d\u2019inspiration et de votre silence int\u00e9rieur. Nous aurons aussi parfois, l&rsquo;occasion d&rsquo;aller pratiquer le Chant du souffle propre au Wutao.<\/p>\n<\/div><figure class=\"wp-block-media-text__media\"><img loading=\"lazy\" decoding=\"async\" width=\"724\" height=\"1024\" src=\"https:\/\/art-therapie-laurencegarmadi.fr\/wp-content\/uploads\/2025\/11\/Fourmiliere-724x1024.jpg\" alt=\"\" class=\"wp-image-1400 size-full\" srcset=\"https:\/\/art-therapie-laurencegarmadi.fr\/wp-content\/uploads\/2025\/11\/Fourmiliere-724x1024.jpg 724w, https:\/\/art-therapie-laurencegarmadi.fr\/wp-content\/uploads\/2025\/11\/Fourmiliere-212x300.jpg 212w, https:\/\/art-therapie-laurencegarmadi.fr\/wp-content\/uploads\/2025\/11\/Fourmiliere-768x1086.jpg 768w, https:\/\/art-therapie-laurencegarmadi.fr\/wp-content\/uploads\/2025\/11\/Fourmiliere.jpg 794w\" sizes=\"(max-width: 724px) 100vw, 724px\" \/><\/figure><\/div>\n","protected":false},"excerpt":{"rendered":"<p>\u00caTRE au c\u0153ur de soi, du son, de la r\u00e9sonance, en lien avec les autres gr\u00e2ce \u00e0 une pratique de pr\u00e9sence enracin\u00e9e dans le corps, le souffle, la voix, c\u2019est ce que je vous propose dans cet atelier hebdomadaire d\u20191h, de 18 \u00e0 19h, \u00e0 la Fourmili\u00e8re de Montmidi, \u00e0 Poitiers. Vous serez install\u00e9-es dans &hellip; <\/p>\n<p class=\"link-more\"><a href=\"https:\/\/art-therapie-laurencegarmadi.fr\/?page_id=1496\" class=\"more-link\">Continuer la lecture<span class=\"screen-reader-text\"> de &laquo;&nbsp;HEBDOMADAIRE&nbsp;&raquo;<\/span><\/a><\/p>\n","protected":false},"author":1,"featured_media":0,"parent":86,"menu_order":1,"comment_status":"closed","ping_status":"closed","template":"","meta":{"footnotes":""},"_links":{"self":[{"href":"https:\/\/art-therapie-laurencegarmadi.fr\/index.php?rest_route=\/wp\/v2\/pages\/1496"}],"collection":[{"href":"https:\/\/art-therapie-laurencegarmadi.fr\/index.php?rest_route=\/wp\/v2\/pages"}],"about":[{"href":"https:\/\/art-therapie-laurencegarmadi.fr\/index.php?rest_route=\/wp\/v2\/types\/page"}],"author":[{"embeddable":true,"href":"https:\/\/art-therapie-laurencegarmadi.fr\/index.php?rest_route=\/wp\/v2\/users\/1"}],"replies":[{"embeddable":true,"href":"https:\/\/art-therapie-laurencegarmadi.fr\/index.php?rest_route=%2Fwp%2Fv2%2Fcomments&post=1496"}],"version-history":[{"count":3,"href":"https:\/\/art-therapie-laurencegarmadi.fr\/index.php?rest_route=\/wp\/v2\/pages\/1496\/revisions"}],"predecessor-version":[{"id":1508,"href":"https:\/\/art-therapie-laurencegarmadi.fr\/index.php?rest_route=\/wp\/v2\/pages\/1496\/revisions\/1508"}],"up":[{"embeddable":true,"href":"https:\/\/art-therapie-laurencegarmadi.fr\/index.php?rest_route=\/wp\/v2\/pages\/86"}],"wp:attachment":[{"href":"https:\/\/art-therapie-laurencegarmadi.fr\/index.php?rest_route=%2Fwp%2Fv2%2Fmedia&parent=1496"}],"curies":[{"name":"wp","href":"https:\/\/api.w.org\/{rel}","templated":true}]}}